{"id":871,"date":"2019-12-20T14:25:13","date_gmt":"2019-12-20T14:25:13","guid":{"rendered":"https:\/\/dev-managing-ils-reporting.pantheonsite.io\/practicas\/subject-selection\/contacts-with-other-ministries-and-agencies\/"},"modified":"2020-01-09T10:27:59","modified_gmt":"2020-01-09T10:27:59","slug":"contacts-with-other-ministries-and-agencies","status":"publish","type":"page","link":"https:\/\/managing-ils-reporting.itcilo.org\/es\/practicas\/subject-selection\/contacts-with-other-ministries-and-agencies\/","title":{"rendered":"Contactos con otros ministerios y agencias"},"content":{"rendered":"<p class=\"documentDescription\">La elaboraci\u00f3n de memorias sobre las NIT implica recoger informaciones y lograr influenciar las decisiones en otros ministerios y agencias del gobierno. Esta es una recopilaci\u00f3n de pr\u00e1cticas relativas a estas actividades.<\/p>\n<div id=\"parent-fieldname-text\" class=\"plain\">\n<p>Se conoce muy bien el reto que plantean los contactos y las relaciones con los ministerios no responsables del trabajo y los contactos entre los departamentos del ministerio responsables del trabajo. M\u00e1s abajo presentamos una recopilaci\u00f3n de buenas pr\u00e1cticas sobre c\u00f3mo esto puede hacerse, en orden alfab\u00e9tico.<\/p>\n\n<!-- NOTE: If you need to make changes to this file, copy it to your current theme's main\n\tdirectory so your changes won't be overwritten when the plugin is upgraded. -->\n\n<!-- Post Wrap Start-->\n<div class=\"post hentry ivycat-post\">\n\n\t<!-- \tThis outputs the post TITLE -->\n\t<h2 class=\"entry-title\"><a href=\"https:\/\/managing-ils-reporting.itcilo.org\/es\/hold-a-reporting-event-to-involve-relevant-ministries-2\/\">Celebrar un \u201cevento\u201d de elaboraci\u00f3n de memorias para involucrar a los ministerios relevantes<\/a><\/h2>\n\n\t<!-- \tThis outputs the post EXCERPT.  To display full content including images and html,\n\t\treplace the_excerpt(); with the_content();  below. -->\n\t<div class=\"entry-summary\">\n\t\t<p>En Panam\u00e1 se llev\u00f3 a cabo un seminario con el prop\u00f3sito de involucrar a los ministerios en la preparaci\u00f3n de las memorias.<\/p>\n\t<\/div>\n\n\t<!--\tThis outputs the post META information -->\n\t<div class=\"entry-utility\">\n\t\t\t\t\t<span class=\"cat-links\">\n\t\t\t\t<span class=\"entry-utility-prep entry-utility-prep-cat-links\">Posted in<\/span> <a href=\"https:\/\/managing-ils-reporting.itcilo.org\/es\/category\/contactos-con-otros-ministerios-y-agencias\/\" rel=\"category tag\">Contactos con otros ministerios y agencias<\/a>\t\t\t<\/span>\n\t\t\t<span class=\"meta-sep\">|<\/span>\n\t\t\t\t\t\t<span class=\"comments-link\">\n\t\t\t<span>Comentarios desactivados<span class=\"screen-reader-text\"> en Celebrar un \u201cevento\u201d de elaboraci\u00f3n de memorias para involucrar a los ministerios relevantes<\/span><\/span>\t\t<\/span>\n\t\t\t<\/div>\n<\/div>\n<!-- \/\/ Post Wrap End -->\n\n<!-- NOTE: If you need to make changes to this file, copy it to your current theme's main\n\tdirectory so your changes won't be overwritten when the plugin is upgraded. -->\n\n<!-- Post Wrap Start-->\n<div class=\"post hentry ivycat-post\">\n\n\t<!-- \tThis outputs the post TITLE -->\n\t<h2 class=\"entry-title\"><a href=\"https:\/\/managing-ils-reporting.itcilo.org\/es\/establish-focal-points-2\/\">Crear puntos focales<\/a><\/h2>\n\n\t<!-- \tThis outputs the post EXCERPT.  To display full content including images and html,\n\t\treplace the_excerpt(); with the_content();  below. -->\n\t<div class=\"entry-summary\">\n\t\t<p>En Swazilandia los puntos focales responsables de las NIT se designan en otros ministerios.<\/p>\n\t<\/div>\n\n\t<!--\tThis outputs the post META information -->\n\t<div class=\"entry-utility\">\n\t\t\t\t\t<span class=\"cat-links\">\n\t\t\t\t<span class=\"entry-utility-prep entry-utility-prep-cat-links\">Posted in<\/span> <a href=\"https:\/\/managing-ils-reporting.itcilo.org\/es\/category\/contactos-con-otros-ministerios-y-agencias\/\" rel=\"category tag\">Contactos con otros ministerios y agencias<\/a>\t\t\t<\/span>\n\t\t\t<span class=\"meta-sep\">|<\/span>\n\t\t\t\t\t\t<span class=\"comments-link\">\n\t\t\t<span>Comentarios desactivados<span class=\"screen-reader-text\"> en Crear puntos focales<\/span><\/span>\t\t<\/span>\n\t\t\t<\/div>\n<\/div>\n<!-- \/\/ Post Wrap End -->\n\n<!-- NOTE: If you need to make changes to this file, copy it to your current theme's main\n\tdirectory so your changes won't be overwritten when the plugin is upgraded. -->\n\n<!-- Post Wrap Start-->\n<div class=\"post hentry ivycat-post\">\n\n\t<!-- \tThis outputs the post TITLE -->\n\t<h2 class=\"entry-title\"><a href=\"https:\/\/managing-ils-reporting.itcilo.org\/es\/involve-very-high-level-officials-2\/\">Involucrar a funcionarios de muy alto nivel<\/a><\/h2>\n\n\t<!-- \tThis outputs the post EXCERPT.  To display full content including images and html,\n\t\treplace the_excerpt(); with the_content();  below. -->\n\t<div class=\"entry-summary\">\n\t\t<p>En Tayikist\u00e1n se invitan a los funcionarios de muy alto nivel a los eventos relacionados con las NIT.<\/p>\n\t<\/div>\n\n\t<!--\tThis outputs the post META information -->\n\t<div class=\"entry-utility\">\n\t\t\t\t\t<span class=\"cat-links\">\n\t\t\t\t<span class=\"entry-utility-prep entry-utility-prep-cat-links\">Posted in<\/span> <a href=\"https:\/\/managing-ils-reporting.itcilo.org\/es\/category\/contactos-con-otros-ministerios-y-agencias\/\" rel=\"category tag\">Contactos con otros ministerios y agencias<\/a>\t\t\t<\/span>\n\t\t\t<span class=\"meta-sep\">|<\/span>\n\t\t\t\t\t\t<span class=\"comments-link\">\n\t\t\t<span>Comentarios desactivados<span class=\"screen-reader-text\"> en Involucrar a funcionarios de muy alto nivel<\/span><\/span>\t\t<\/span>\n\t\t\t<\/div>\n<\/div>\n<!-- \/\/ Post Wrap End -->\n\n<!-- NOTE: If you need to make changes to this file, copy it to your current theme's main\n\tdirectory so your changes won't be overwritten when the plugin is upgraded. -->\n\n<!-- Post Wrap Start-->\n<div class=\"post hentry ivycat-post\">\n\n\t<!-- \tThis outputs the post TITLE -->\n\t<h2 class=\"entry-title\"><a href=\"https:\/\/managing-ils-reporting.itcilo.org\/es\/a-view-of-consultation-from-a-supporting-bureau-2\/\">La opini\u00f3n de una oficina de apoyo<\/a><\/h2>\n\n\t<!-- \tThis outputs the post EXCERPT.  To display full content including images and html,\n\t\treplace the_excerpt(); with the_content();  below. -->\n\t<div class=\"entry-summary\">\n\t\t<p>La se\u00f1ora Maria Consuela Baki, Mediador\/\u00c1rbitro, Oficina de Relaciones Laborales, Departamento de Trabajo y Empleo, Filipinas, describe el proceso de consulta desde la perspectiva externa a la de la oficina directamente responsable de la preparaci\u00f3n de las memorias (diciembre de 2011).<\/p>\n\t<\/div>\n\n\t<!--\tThis outputs the post META information -->\n\t<div class=\"entry-utility\">\n\t\t\t\t\t<span class=\"cat-links\">\n\t\t\t\t<span class=\"entry-utility-prep entry-utility-prep-cat-links\">Posted in<\/span> <a href=\"https:\/\/managing-ils-reporting.itcilo.org\/es\/category\/contactos-con-otros-ministerios-y-agencias\/\" rel=\"category tag\">Contactos con otros ministerios y agencias<\/a>\t\t\t<\/span>\n\t\t\t<span class=\"meta-sep\">|<\/span>\n\t\t\t\t\t\t<span class=\"comments-link\">\n\t\t\t<span>Comentarios desactivados<span class=\"screen-reader-text\"> en La opini\u00f3n de una oficina de apoyo<\/span><\/span>\t\t<\/span>\n\t\t\t<\/div>\n<\/div>\n<!-- \/\/ Post Wrap End -->\n\n<!-- NOTE: If you need to make changes to this file, copy it to your current theme's main\n\tdirectory so your changes won't be overwritten when the plugin is upgraded. -->\n\n<!-- Post Wrap Start-->\n<div class=\"post hentry ivycat-post\">\n\n\t<!-- \tThis outputs the post TITLE -->\n\t<h2 class=\"entry-title\"><a href=\"https:\/\/managing-ils-reporting.itcilo.org\/es\/interagency-agreements-encourage-support-2\/\">Los acuerdos entre agencias estimulan el apoyo<\/a><\/h2>\n\n\t<!-- \tThis outputs the post EXCERPT.  To display full content including images and html,\n\t\treplace the_excerpt(); with the_content();  below. -->\n\t<div class=\"entry-summary\">\n\t\t<p>La se\u00f1ora Gloria Beatriz Gaviria Ramos, Jefe, Oficina de Cooperaci\u00f3n y Relaciones Internacionales, Ministerio del Trabajo, Colombia, explica c\u00f3mo los acuerdos entre agencias en Guatemala estimulan el apoyo y la acci\u00f3n (mayo de 2013).<\/p>\n\t<\/div>\n\n\t<!--\tThis outputs the post META information -->\n\t<div class=\"entry-utility\">\n\t\t\t\t\t<span class=\"cat-links\">\n\t\t\t\t<span class=\"entry-utility-prep entry-utility-prep-cat-links\">Posted in<\/span> <a href=\"https:\/\/managing-ils-reporting.itcilo.org\/es\/category\/contactos-con-otros-ministerios-y-agencias\/\" rel=\"category tag\">Contactos con otros ministerios y agencias<\/a>\t\t\t<\/span>\n\t\t\t<span class=\"meta-sep\">|<\/span>\n\t\t\t\t\t\t<span class=\"comments-link\">\n\t\t\t<span>Comentarios desactivados<span class=\"screen-reader-text\"> en Los acuerdos entre agencias estimulan el apoyo<\/span><\/span>\t\t<\/span>\n\t\t\t<\/div>\n<\/div>\n<!-- \/\/ Post Wrap End -->\n\n<!-- NOTE: If you need to make changes to this file, copy it to your current theme's main\n\tdirectory so your changes won't be overwritten when the plugin is upgraded. -->\n\n<!-- Post Wrap Start-->\n<div class=\"post hentry ivycat-post\">\n\n\t<!-- \tThis outputs the post TITLE -->\n\t<h2 class=\"entry-title\"><a href=\"https:\/\/managing-ils-reporting.itcilo.org\/es\/arranging-meetings-with-other-ministries-2\/\">Organizar reuniones con otros ministerios<\/a><\/h2>\n\n\t<!-- \tThis outputs the post EXCERPT.  To display full content including images and html,\n\t\treplace the_excerpt(); with the_content();  below. -->\n\t<div class=\"entry-summary\">\n\t\t<p>La se\u00f1ora Gloria Beatriz Gaviria Ramos, Jefe, Oficina de Cooperaci\u00f3n y Relaciones Internacionales, Ministerio del Trabajo, Colombia, describe la pr\u00e1ctica de reuniones con otros ministerios (mayo de 2013).<\/p>\n\t<\/div>\n\n\t<!--\tThis outputs the post META information -->\n\t<div class=\"entry-utility\">\n\t\t\t\t\t<span class=\"cat-links\">\n\t\t\t\t<span class=\"entry-utility-prep entry-utility-prep-cat-links\">Posted in<\/span> <a href=\"https:\/\/managing-ils-reporting.itcilo.org\/es\/category\/contactos-con-otros-ministerios-y-agencias\/\" rel=\"category tag\">Contactos con otros ministerios y agencias<\/a>\t\t\t<\/span>\n\t\t\t<span class=\"meta-sep\">|<\/span>\n\t\t\t\t\t\t<span class=\"comments-link\">\n\t\t\t<span>Comentarios desactivados<span class=\"screen-reader-text\"> en Organizar reuniones con otros ministerios<\/span><\/span>\t\t<\/span>\n\t\t\t<\/div>\n<\/div>\n<!-- \/\/ Post Wrap End -->\n\n<!-- NOTE: If you need to make changes to this file, copy it to your current theme's main\n\tdirectory so your changes won't be overwritten when the plugin is upgraded. -->\n\n<!-- Post Wrap Start-->\n<div class=\"post hentry ivycat-post\">\n\n\t<!-- \tThis outputs the post TITLE -->\n\t<h2 class=\"entry-title\"><a href=\"https:\/\/managing-ils-reporting.itcilo.org\/es\/systematically-contact-other-ministries-in-may-2\/\">Ponerse en contacto de forma sistem\u00e1tica con otros ministerios en mayo<\/a><\/h2>\n\n\t<!-- \tThis outputs the post EXCERPT.  To display full content including images and html,\n\t\treplace the_excerpt(); with the_content();  below. -->\n\t<div class=\"entry-summary\">\n\t\t<p>En Macao, cada a\u00f1o en mayo se contactan todos los ministerios sobre el tema de la elaboraci\u00f3n de memorias de las NIT.<\/p>\n\t<\/div>\n\n\t<!--\tThis outputs the post META information -->\n\t<div class=\"entry-utility\">\n\t\t\t\t\t<span class=\"cat-links\">\n\t\t\t\t<span class=\"entry-utility-prep entry-utility-prep-cat-links\">Posted in<\/span> <a href=\"https:\/\/managing-ils-reporting.itcilo.org\/es\/category\/contactos-con-otros-ministerios-y-agencias\/\" rel=\"category tag\">Contactos con otros ministerios y agencias<\/a>\t\t\t<\/span>\n\t\t\t<span class=\"meta-sep\">|<\/span>\n\t\t\t\t\t\t<span class=\"comments-link\">\n\t\t\t<span>Comentarios desactivados<span class=\"screen-reader-text\"> en Ponerse en contacto de forma sistem\u00e1tica con otros ministerios en mayo<\/span><\/span>\t\t<\/span>\n\t\t\t<\/div>\n<\/div>\n<!-- \/\/ Post Wrap End -->\n\n<!-- NOTE: If you need to make changes to this file, copy it to your current theme's main\n\tdirectory so your changes won't be overwritten when the plugin is upgraded. -->\n\n<!-- Post Wrap Start-->\n<div class=\"post hentry ivycat-post\">\n\n\t<!-- \tThis outputs the post TITLE -->\n\t<h2 class=\"entry-title\"><a href=\"https:\/\/managing-ils-reporting.itcilo.org\/es\/promote-training-outside-your-scope-of-responsibility-3\/\">Promover la formaci\u00f3n fuera del \u00e1mbito de la responsabilidad.<\/a><\/h2>\n\n\t<!-- \tThis outputs the post EXCERPT.  To display full content including images and html,\n\t\treplace the_excerpt(); with the_content();  below. -->\n\t<div class=\"entry-summary\">\n\t\t<p>En Panam\u00e1 los directivos responsables de las NIT promueven la capacitaci\u00f3n sobre las NIT para otros funcionarios.<\/p>\n\t<\/div>\n\n\t<!--\tThis outputs the post META information -->\n\t<div class=\"entry-utility\">\n\t\t\t\t\t<span class=\"cat-links\">\n\t\t\t\t<span class=\"entry-utility-prep entry-utility-prep-cat-links\">Posted in<\/span> <a href=\"https:\/\/managing-ils-reporting.itcilo.org\/es\/category\/contactos-con-otros-ministerios-y-agencias\/\" rel=\"category tag\">Contactos con otros ministerios y agencias<\/a>\t\t\t<\/span>\n\t\t\t<span class=\"meta-sep\">|<\/span>\n\t\t\t\t\t\t<span class=\"comments-link\">\n\t\t\t<span>Comentarios desactivados<span class=\"screen-reader-text\"> en Promover la formaci\u00f3n fuera del \u00e1mbito de la responsabilidad.<\/span><\/span>\t\t<\/span>\n\t\t\t<\/div>\n<\/div>\n<!-- \/\/ Post Wrap End -->\n\n<!-- NOTE: If you need to make changes to this file, copy it to your current theme's main\n\tdirectory so your changes won't be overwritten when the plugin is upgraded. -->\n\n<!-- Post Wrap Start-->\n<div class=\"post hentry ivycat-post\">\n\n\t<!-- \tThis outputs the post TITLE -->\n\t<h2 class=\"entry-title\"><a href=\"https:\/\/managing-ils-reporting.itcilo.org\/es\/single-office-for-coordination-2\/\">Una \u00fanica oficina para la coordinaci\u00f3n<\/a><\/h2>\n\n\t<!-- \tThis outputs the post EXCERPT.  To display full content including images and html,\n\t\treplace the_excerpt(); with the_content();  below. -->\n\t<div class=\"entry-summary\">\n\t\t<p>La se\u00f1ora Gloria Beatriz Gaviria Ramos, Jefe, Oficina de Cooperaci\u00f3n y Relaciones Internacionales, Ministerio del Trabajo, Colombia, describe el beneficio de tener una \u00fanica oficina responsable de la coordinaci\u00f3n (mayo de 2013).<\/p>\n\t<\/div>\n\n\t<!--\tThis outputs the post META information -->\n\t<div class=\"entry-utility\">\n\t\t\t\t\t<span class=\"cat-links\">\n\t\t\t\t<span class=\"entry-utility-prep entry-utility-prep-cat-links\">Posted in<\/span> <a href=\"https:\/\/managing-ils-reporting.itcilo.org\/es\/category\/contactos-con-otros-ministerios-y-agencias\/\" rel=\"category tag\">Contactos con otros ministerios y agencias<\/a>\t\t\t<\/span>\n\t\t\t<span class=\"meta-sep\">|<\/span>\n\t\t\t\t\t\t<span class=\"comments-link\">\n\t\t\t<span>Comentarios desactivados<span class=\"screen-reader-text\"> en Una \u00fanica oficina para la coordinaci\u00f3n<\/span><\/span>\t\t<\/span>\n\t\t\t<\/div>\n<\/div>\n<!-- \/\/ Post Wrap End -->\n\n<\/div>\n","protected":false},"excerpt":{"rendered":"<p>La elaboraci\u00f3n de memorias sobre las NIT implica recoger informaciones y lograr influenciar las decisiones en otros ministerios y agencias del gobierno. Esta es una recopilaci\u00f3n de pr\u00e1cticas relativas a estas actividades. Se conoce muy bien el reto que plantean los contactos y las relaciones con los ministerios no responsables del trabajo y los contactos [&hellip;]<\/p>\n","protected":false},"author":1,"featured_media":0,"parent":230,"menu_order":0,"comment_status":"closed","ping_status":"closed","template":"","meta":{"footnotes":""},"class_list":["post-871","page","type-page","status-publish","hentry"],"_links":{"self":[{"href":"https:\/\/managing-ils-reporting.itcilo.org\/es\/wp-json\/wp\/v2\/pages\/871","targetHints":{"allow":["GET"]}}],"collection":[{"href":"https:\/\/managing-ils-reporting.itcilo.org\/es\/wp-json\/wp\/v2\/pages"}],"about":[{"href":"https:\/\/managing-ils-reporting.itcilo.org\/es\/wp-json\/wp\/v2\/types\/page"}],"author":[{"embeddable":true,"href":"https:\/\/managing-ils-reporting.itcilo.org\/es\/wp-json\/wp\/v2\/users\/1"}],"replies":[{"embeddable":true,"href":"https:\/\/managing-ils-reporting.itcilo.org\/es\/wp-json\/wp\/v2\/comments?post=871"}],"version-history":[{"count":4,"href":"https:\/\/managing-ils-reporting.itcilo.org\/es\/wp-json\/wp\/v2\/pages\/871\/revisions"}],"predecessor-version":[{"id":907,"href":"https:\/\/managing-ils-reporting.itcilo.org\/es\/wp-json\/wp\/v2\/pages\/871\/revisions\/907"}],"up":[{"embeddable":true,"href":"https:\/\/managing-ils-reporting.itcilo.org\/es\/wp-json\/wp\/v2\/pages\/230"}],"wp:attachment":[{"href":"https:\/\/managing-ils-reporting.itcilo.org\/es\/wp-json\/wp\/v2\/media?parent=871"}],"curies":[{"name":"wp","href":"https:\/\/api.w.org\/{rel}","templated":true}]}}